{"id":483,"date":"2022-03-24T18:26:24","date_gmt":"2022-03-24T18:26:24","guid":{"rendered":"https:\/\/www.manuelafuentes.org\/?page_id=483"},"modified":"2023-02-06T19:38:42","modified_gmt":"2023-02-06T19:38:42","slug":"483-2","status":"publish","type":"page","link":"https:\/\/www.manuelafuentes.org\/index.php\/483-2\/","title":{"rendered":"Lo \u00faltimo!"},"content":{"rendered":"[et_pb_section fb_built=\u00bb1&#8243; admin_label=\u00bbsection\u00bb _builder_version=\u00bb4.16&#8243; global_colors_info=\u00bb{}\u00bb][et_pb_row admin_label=\u00bbrow\u00bb _builder_version=\u00bb4.16&#8243; background_size=\u00bbinitial\u00bb background_position=\u00bbtop_left\u00bb background_repeat=\u00bbrepeat\u00bb hover_enabled=\u00bb0&#8243; global_colors_info=\u00bb{}\u00bb sticky_enabled=\u00bb0&#8243;][et_pb_column type=\u00bb4_4&#8243; _builder_version=\u00bb4.16&#8243; custom_padding=\u00bb|||\u00bb global_colors_info=\u00bb{}\u00bb custom_padding__hover=\u00bb|||\u00bb][et_pb_post_slider _builder_version=\u00bb4.19.4&#8243; _module_preset=\u00bbdefault\u00bb hover_enabled=\u00bb0&#8243; sticky_enabled=\u00bb0&#8243;][\/et_pb_post_slider][et_pb_text admin_label=\u00bbText\u00bb _builder_version=\u00bb4.16&#8243; background_size=\u00bbinitial\u00bb background_position=\u00bbtop_left\u00bb background_repeat=\u00bbrepeat\u00bb global_colors_info=\u00bb{}\u00bb]\n<figure class=\"wp-block-gallery has-nested-images columns-default is-cropped wp-block-gallery-1 is-layout-flex wp-block-gallery-is-layout-flex\"><\/figure>\n[\/et_pb_text][\/et_pb_column][\/et_pb_row][\/et_pb_section][et_pb_section fb_built=\u00bb1&#8243; admin_label=\u00bbsection\u00bb _builder_version=\u00bb4.16&#8243; global_colors_info=\u00bb{}\u00bb][et_pb_row admin_label=\u00bbrow\u00bb _builder_version=\u00bb4.16&#8243; background_size=\u00bbinitial\u00bb background_position=\u00bbtop_left\u00bb background_repeat=\u00bbrepeat\u00bb global_colors_info=\u00bb{}\u00bb][et_pb_column type=\u00bb4_4&#8243; _builder_version=\u00bb4.16&#8243; custom_padding=\u00bb|||\u00bb global_colors_info=\u00bb{}\u00bb custom_padding__hover=\u00bb|||\u00bb][et_pb_text admin_label=\u00bbText\u00bb _builder_version=\u00bb4.16&#8243; background_size=\u00bbinitial\u00bb background_position=\u00bbtop_left\u00bb background_repeat=\u00bbrepeat\u00bb global_colors_info=\u00bb{}\u00bb]<h2><\/h2>\n<h2>Proyecto: Humanizaci\u00f3n \u00c1rea Cuidados Paliativos &#8211; Lienzos.\u00a0<\/h2>\n<p>&nbsp;<\/p>\n<p>\u00a1Seguimos paso a paso! \ud83d\udcaa\ud83c\udffb\ud83d\udcaa\ud83c\udffb\ud83d\udcaa\ud83c\udffb<\/p>\n<p>\ud83d\uddbc\ufe0f El pasado mes de septiembre entregamos unos lienzos para colocar en las habitaciones del Equipo de Soporte de Cuidados Paliativos del Hospital Perpetuo Socorro de Badajoz, dentro de nuestro proyecto de Humanizaci\u00f3n del \u00e1rea.<\/p>\n<p>\ud83d\udcf8 Estos lienzos ya han sido instalados y nos sentimos muy contentos de poder compartir con todos vosotros el resultado.<\/p>\n<p>\ud83e\udec2El objetivo de colocar estos lienzos, entre otras acciones, es que los usuarios durante su estancia se encuentren en un entorno agradable y relajado que favorezca su bienestar.<\/p>\n<p>\ud83d\ude4f\ud83c\udffbQueremos aprovechar para dar las gracias a Esteban de Peralta y a Justo Rivera por la cesi\u00f3n de algunas de las fotograf\u00edas. A Artex Digital que han sido quienes han realizado el trabajo de impresi\u00f3n y enmarcado. Adem\u00e1s de agradecerle tambi\u00e9n su paciencia y dedicaci\u00f3n para que todo saliera bien.<\/p>\n<p>\ud83e\ude7a\ud83d\udd28No podemos olvidar agradecer el trabajo y atenci\u00f3n prestada de los trabajadores del Hospital Perpetuo Socorro de Badajoz, que sin su apoyo estas acciones no se podr\u00edan realizar.<\/p>\n<p>\ud83e\udd17Y por supuesto agradecer a todos nuestros socios, colaboradores y personas que de una forma u otra contribuyen con este proyecto.<\/p>\n<p><\/p>\n<figure class=\"wp-block-gallery has-nested-images columns-default is-cropped wp-block-gallery-2 is-layout-flex wp-block-gallery-is-layout-flex\"><\/figure>\n<p><\/p>[\/et_pb_text][et_pb_gallery gallery_ids=\u00bb1691,1692,1693,1694&#8243; show_title_and_caption=\u00bboff\u00bb show_pagination=\u00bboff\u00bb _builder_version=\u00bb4.19.4&#8243; _module_preset=\u00bbdefault\u00bb global_colors_info=\u00bb{}\u00bb][\/et_pb_gallery][et_pb_text admin_label=\u00bbText\u00bb _builder_version=\u00bb4.16&#8243; background_size=\u00bbinitial\u00bb background_position=\u00bbtop_left\u00bb background_repeat=\u00bbrepeat\u00bb global_colors_info=\u00bb{}\u00bb]\n<figure class=\"wp-block-gallery has-nested-images columns-default is-cropped wp-block-gallery-3 is-layout-flex wp-block-gallery-is-layout-flex\"><\/figure>\n[\/et_pb_text][\/et_pb_column][\/et_pb_row][\/et_pb_section][et_pb_section fb_built=\u00bb1&#8243; admin_label=\u00bbsection\u00bb _builder_version=\u00bb4.16&#8243; global_colors_info=\u00bb{}\u00bb][et_pb_row admin_label=\u00bbrow\u00bb _builder_version=\u00bb4.16&#8243; background_size=\u00bbinitial\u00bb background_position=\u00bbtop_left\u00bb background_repeat=\u00bbrepeat\u00bb global_colors_info=\u00bb{}\u00bb][et_pb_column type=\u00bb4_4&#8243; _builder_version=\u00bb4.16&#8243; custom_padding=\u00bb|||\u00bb global_colors_info=\u00bb{}\u00bb custom_padding__hover=\u00bb|||\u00bb][et_pb_text admin_label=\u00bbText\u00bb _builder_version=\u00bb4.16&#8243; background_size=\u00bbinitial\u00bb background_position=\u00bbtop_left\u00bb background_repeat=\u00bbrepeat\u00bb global_colors_info=\u00bb{}\u00bb]<h2><\/h2>\n<h2>Paella Solidaria a Favor de la Asociaci\u00f3n Manuel Fuentes.<\/h2>\n<p>&nbsp;<\/p>\n<p>\u00a0Gracias a la colaboraci\u00f3n del Ayto. de Villanueva del Fresno, se organiz\u00f3 una Paella Solidaria a favor de nuestra asociaci\u00f3n para recaudar fondos, y de este modo ayudar a seguir realizando los proyectos abierto. <\/p>\n<p>Desde aqu\u00ed queremos agradecer no s\u00f3lo al Ayto. de Villanueva del Fresno, sino tambi\u00e9n a las diferentes empresas que colaboraron y a todos los voluntarios sin los cuales no se hubiera podido llevar a cabo este evente Sumamente Solidario. \u00a0<\/p>\n<p><\/p>\n<figure class=\"wp-block-gallery has-nested-images columns-default is-cropped wp-block-gallery-4 is-layout-flex wp-block-gallery-is-layout-flex\"><\/figure>\n<p><\/p>[\/et_pb_text][et_pb_gallery gallery_ids=\u00bb1685,1686,1687,1688&#8243; show_title_and_caption=\u00bboff\u00bb show_pagination=\u00bboff\u00bb _builder_version=\u00bb4.19.4&#8243; _module_preset=\u00bbdefault\u00bb global_colors_info=\u00bb{}\u00bb][\/et_pb_gallery][et_pb_text admin_label=\u00bbText\u00bb _builder_version=\u00bb4.16&#8243; background_size=\u00bbinitial\u00bb background_position=\u00bbtop_left\u00bb background_repeat=\u00bbrepeat\u00bb global_colors_info=\u00bb{}\u00bb]\n<figure class=\"wp-block-gallery has-nested-images columns-default is-cropped wp-block-gallery-5 is-layout-flex wp-block-gallery-is-layout-flex\"><\/figure>\n[\/et_pb_text][\/et_pb_column][\/et_pb_row][\/et_pb_section][et_pb_section fb_built=\u00bb1&#8243; admin_label=\u00bbsection\u00bb _builder_version=\u00bb4.16&#8243; global_colors_info=\u00bb{}\u00bb][et_pb_row admin_label=\u00bbrow\u00bb _builder_version=\u00bb4.16&#8243; background_size=\u00bbinitial\u00bb background_position=\u00bbtop_left\u00bb background_repeat=\u00bbrepeat\u00bb global_colors_info=\u00bb{}\u00bb][et_pb_column type=\u00bb4_4&#8243; _builder_version=\u00bb4.16&#8243; custom_padding=\u00bb|||\u00bb global_colors_info=\u00bb{}\u00bb custom_padding__hover=\u00bb|||\u00bb][et_pb_text admin_label=\u00bbText\u00bb _builder_version=\u00bb4.16&#8243; background_size=\u00bbinitial\u00bb background_position=\u00bbtop_left\u00bb background_repeat=\u00bbrepeat\u00bb global_colors_info=\u00bb{}\u00bb]<h2><\/h2>\n<h2>Frigor\u00edficos y Mesas instaladas en las habitaciones de Cuidados Paliativos.<\/h2>\n<p>&nbsp;<\/p>\n<p>Una vez puesto a disposici\u00f3n del Hospital Perpetuo Socorro de Badajoz las mesas y frigor\u00edricos para las habitaciones destinadas a usuarios de cuidados paliativos, el servicio de mantenimiento del mismo se han encargado de instalarlas.<\/p>\n<p>Estos frigor\u00edficos servir\u00e1n, entre otras cosas,\u00a0 para consevar en ellos medicaci\u00f3n, u alimentos como el agual gelificada,\u00a0 que requieren de fr\u00edo y al estar en las propias habitaciones permiten que puedan usarlo en el momento en que se necesiten.<\/p>\n<p>&nbsp;<\/p>\n<p>&nbsp;<\/p>\n<p><\/p>\n<figure class=\"wp-block-gallery has-nested-images columns-default is-cropped wp-block-gallery-6 is-layout-flex wp-block-gallery-is-layout-flex\"><\/figure>\n<p><\/p>[\/et_pb_text][et_pb_gallery gallery_ids=\u00bb1682,1681,1680&#8243; show_title_and_caption=\u00bboff\u00bb show_pagination=\u00bboff\u00bb _builder_version=\u00bb4.19.4&#8243; _module_preset=\u00bbdefault\u00bb global_colors_info=\u00bb{}\u00bb][\/et_pb_gallery][et_pb_text admin_label=\u00bbText\u00bb _builder_version=\u00bb4.16&#8243; background_size=\u00bbinitial\u00bb background_position=\u00bbtop_left\u00bb background_repeat=\u00bbrepeat\u00bb global_colors_info=\u00bb{}\u00bb]\n<figure class=\"wp-block-gallery has-nested-images columns-default is-cropped wp-block-gallery-7 is-layout-flex wp-block-gallery-is-layout-flex\"><\/figure>\n[\/et_pb_text][\/et_pb_column][\/et_pb_row][\/et_pb_section][et_pb_section fb_built=\u00bb1&#8243; admin_label=\u00bbsection\u00bb _builder_version=\u00bb4.16&#8243; global_colors_info=\u00bb{}\u00bb][et_pb_row admin_label=\u00bbrow\u00bb _builder_version=\u00bb4.16&#8243; background_size=\u00bbinitial\u00bb background_position=\u00bbtop_left\u00bb background_repeat=\u00bbrepeat\u00bb global_colors_info=\u00bb{}\u00bb][et_pb_column type=\u00bb4_4&#8243; _builder_version=\u00bb4.16&#8243; custom_padding=\u00bb|||\u00bb global_colors_info=\u00bb{}\u00bb custom_padding__hover=\u00bb|||\u00bb][et_pb_text admin_label=\u00bbText\u00bb _builder_version=\u00bb4.16&#8243; background_size=\u00bbinitial\u00bb background_position=\u00bbtop_left\u00bb background_repeat=\u00bbrepeat\u00bb global_colors_info=\u00bb{}\u00bb]<h2>Feria del Gurumelo en Villanueva del Fresno<\/h2>\n<p>&nbsp;<\/p>\n<p><span class=\"_7UhW9   xLCgt      MMzan   KV-D4           se6yk       T0kll \">Durante el fin de semana del 19 al 21 de Mayo hemos estado promocionando la asociaci\u00f3n en la XVI Feria Transfronteriza del Gurumelo de Villanueva del Fresno. <\/span><\/p>\n<p><span class=\"_7UhW9   xLCgt      MMzan   KV-D4           se6yk       T0kll \">Una vez finalizada Feria solo nos queda daros las gracias a todos los que durante este fin de semana os hab\u00e9is acercado a visitarnos. <\/span><\/p>\n<p>Han sido unos d\u00edas de mucha emoci\u00f3n, donde nos hemos reencontrado con pacientes y familiares, donde hemos conocido nuevas historias, nuevos caminos. Un fin de semana donde nos hab\u00e9is recargado de energ\u00eda para seguir con nuestra lucha.<\/p>\n<p>Muchas gracias. <\/p>\n<p>&nbsp;<\/p>\n<p><\/p>\n\n\n<\/p>\n<figure class=\"wp-block-gallery has-nested-images columns-default is-cropped wp-block-gallery-8 is-layout-flex wp-block-gallery-is-layout-flex\"><\/figure>\n<p>\n\n\n<p><\/p>[\/et_pb_text][et_pb_gallery gallery_ids=\u00bb554,552,551,548&#8243; show_title_and_caption=\u00bboff\u00bb show_pagination=\u00bboff\u00bb _builder_version=\u00bb4.16&#8243; _module_preset=\u00bbdefault\u00bb global_colors_info=\u00bb{}\u00bb][\/et_pb_gallery][et_pb_text admin_label=\u00bbText\u00bb _builder_version=\u00bb4.16&#8243; background_size=\u00bbinitial\u00bb background_position=\u00bbtop_left\u00bb background_repeat=\u00bbrepeat\u00bb global_colors_info=\u00bb{}\u00bb]\n<figure class=\"wp-block-gallery has-nested-images columns-default is-cropped wp-block-gallery-9 is-layout-flex wp-block-gallery-is-layout-flex\"><\/figure>\n[\/et_pb_text][\/et_pb_column][\/et_pb_row][\/et_pb_section][et_pb_section fb_built=\u00bb1&#8243; _builder_version=\u00bb4.16&#8243; _module_preset=\u00bbdefault\u00bb global_colors_info=\u00bb{}\u00bb][et_pb_row _builder_version=\u00bb4.16&#8243; _module_preset=\u00bbdefault\u00bb global_colors_info=\u00bb{}\u00bb][et_pb_column type=\u00bb4_4&#8243; _builder_version=\u00bb4.16&#8243; _module_preset=\u00bbdefault\u00bb global_colors_info=\u00bb{}\u00bb][et_pb_text _builder_version=\u00bb4.16&#8243; _module_preset=\u00bbdefault\u00bb global_colors_info=\u00bb{}\u00bb]<h2>Puesta a disposici\u00f3n de Minifrigor\u00edficos y Mesas<\/h2>\n<p>El pasado s\u00e1bado 23 de Abril de 2022,\u00a0 se puso a disposici\u00f3n del Equipo de Soporte de Cuidados Paliativos del Hospital Perpetuo Socorro de Badajoz unos mini-frigor\u00edficos con unas mesas para las habitaci\u00f3nes de los paciencies de Cuidados Paliativos. Estos frigor\u00edficos permitir\u00e1n, no s\u00f3lo refrigerar comida o bebidas para el paciente o familarios, sino tambi\u00e9n guardar tanto medicaci\u00f3n que necesiten de fr\u00edo.<\/p>\n<p>&nbsp;<\/p>\n<p>En los pr\u00f3ximos d\u00edas se instalar\u00e1n en las habitaci\u00f3nes para poder ser \u00fatiles lo m\u00e1s r\u00e1pido posible a los usuarios de estas unidades.<\/p>[\/et_pb_text][\/et_pb_column][\/et_pb_row][et_pb_row column_structure=\u00bb1_2,1_2&#8243; _builder_version=\u00bb4.16&#8243; _module_preset=\u00bbdefault\u00bb global_colors_info=\u00bb{}\u00bb][et_pb_column type=\u00bb1_2&#8243; _builder_version=\u00bb4.16&#8243; _module_preset=\u00bbdefault\u00bb global_colors_info=\u00bb{}\u00bb][et_pb_image src=\u00bbhttps:\/\/www.manuelafuentes.org\/wp-content\/uploads\/2022\/04\/WhatsApp-Image-2022-04-24-at-10.09.20-AM.jpeg\u00bb title_text=\u00bbWhatsApp Image 2022-04-24 at 10.09.20 AM\u00bb _builder_version=\u00bb4.16&#8243; _module_preset=\u00bbdefault\u00bb global_colors_info=\u00bb{}\u00bb][\/et_pb_image][\/et_pb_column][et_pb_column type=\u00bb1_2&#8243; _builder_version=\u00bb4.16&#8243; _module_preset=\u00bbdefault\u00bb global_colors_info=\u00bb{}\u00bb][et_pb_image src=\u00bbhttps:\/\/www.manuelafuentes.org\/wp-content\/uploads\/2022\/04\/WhatsApp-Image-2022-04-24-at-10.09.22-AM.jpeg\u00bb title_text=\u00bbWhatsApp Image 2022-04-24 at 10.09.22 AM\u00bb _builder_version=\u00bb4.16&#8243; _module_preset=\u00bbdefault\u00bb width=\u00bb76%\u00bb global_colors_info=\u00bb{}\u00bb][\/et_pb_image][\/et_pb_column][\/et_pb_row][\/et_pb_section]","protected":false},"excerpt":{"rendered":"<p>Proyecto: Humanizaci\u00f3n \u00c1rea Cuidados Paliativos &#8211; Lienzos.\u00a0 &nbsp; \u00a1Seguimos paso a paso! \ud83d\udcaa\ud83c\udffb\ud83d\udcaa\ud83c\udffb\ud83d\udcaa\ud83c\udffb \ud83d\uddbc\ufe0f El pasado mes de septiembre entregamos unos lienzos para colocar en las habitaciones del Equipo de Soporte de Cuidados Paliativos del Hospital Perpetuo Socorro de Badajoz, dentro de nuestro proyecto de Humanizaci\u00f3n del \u00e1rea. \ud83d\udcf8 Estos lienzos ya han sido instalados [&hellip;]<\/p>\n","protected":false},"author":2,"featured_media":0,"parent":0,"menu_order":0,"comment_status":"closed","ping_status":"closed","template":"","meta":{"_et_pb_use_builder":"on","_et_pb_old_content":"<!-- wp:gallery {\"linkTo\":\"none\"} -->\n<figure class=\"wp-block-gallery has-nested-images columns-default is-cropped\"><\/figure>\n<!-- \/wp:gallery -->","_et_gb_content_width":"","footnotes":""},"class_list":["post-483","page","type-page","status-publish","hentry"],"_links":{"self":[{"href":"https:\/\/www.manuelafuentes.org\/index.php\/wp-json\/wp\/v2\/pages\/483","targetHints":{"allow":["GET"]}}],"collection":[{"href":"https:\/\/www.manuelafuentes.org\/index.php\/wp-json\/wp\/v2\/pages"}],"about":[{"href":"https:\/\/www.manuelafuentes.org\/index.php\/wp-json\/wp\/v2\/types\/page"}],"author":[{"embeddable":true,"href":"https:\/\/www.manuelafuentes.org\/index.php\/wp-json\/wp\/v2\/users\/2"}],"replies":[{"embeddable":true,"href":"https:\/\/www.manuelafuentes.org\/index.php\/wp-json\/wp\/v2\/comments?post=483"}],"version-history":[{"count":11,"href":"https:\/\/www.manuelafuentes.org\/index.php\/wp-json\/wp\/v2\/pages\/483\/revisions"}],"predecessor-version":[{"id":1712,"href":"https:\/\/www.manuelafuentes.org\/index.php\/wp-json\/wp\/v2\/pages\/483\/revisions\/1712"}],"wp:attachment":[{"href":"https:\/\/www.manuelafuentes.org\/index.php\/wp-json\/wp\/v2\/media?parent=483"}],"curies":[{"name":"wp","href":"https:\/\/api.w.org\/{rel}","templated":true}]}}